{"id":3718,"date":"2022-03-15T07:57:04","date_gmt":"2022-03-15T07:57:04","guid":{"rendered":"https:\/\/folkmatmoten.se\/konferens-malmo\/takterrassen\/"},"modified":"2022-04-08T07:10:22","modified_gmt":"2022-04-08T07:10:22","slug":"takterrassen","status":"publish","type":"page","link":"https:\/\/folkmatmoten.se\/da\/konferens-malmo\/takterrassen\/","title":{"rendered":"Tagterrassen"},"content":{"rendered":"[vc_row type=&#8221;full_width_background&#8221; full_screen_row_position=&#8221;middle&#8221; column_margin=&#8221;default&#8221; column_direction=&#8221;default&#8221; column_direction_tablet=&#8221;default&#8221; column_direction_phone=&#8221;default&#8221; bg_color=&#8221;#191c22&#8243; scene_position=&#8221;center&#8221; text_color=&#8221;dark&#8221; text_align=&#8221;left&#8221; row_border_radius=&#8221;none&#8221; row_border_radius_applies=&#8221;bg&#8221; overlay_strength=&#8221;0.3&#8243; gradient_direction=&#8221;left_to_right&#8221; shape_divider_position=&#8221;bottom&#8221; bg_image_animation=&#8221;none&#8221; shape_type=&#8221;tilt&#8221;][vc_column column_padding=&#8221;no-extra-padding&#8221; column_padding_tablet=&#8221;inherit&#8221; column_padding_phone=&#8221;inherit&#8221; column_padding_position=&#8221;all&#8221; column_element_spacing=&#8221;default&#8221; background_color_opacity=&#8221;1&#8243; background_hover_color_opacity=&#8221;1&#8243; column_shadow=&#8221;none&#8221; column_border_radius=&#8221;none&#8221; column_link_target=&#8221;_self&#8221; gradient_direction=&#8221;left_to_right&#8221; overlay_strength=&#8221;0.3&#8243; width=&#8221;1\/1&#8243; tablet_width_inherit=&#8221;default&#8221; tablet_text_alignment=&#8221;default&#8221; phone_text_alignment=&#8221;default&#8221; bg_image_animation=&#8221;none&#8221; border_type=&#8221;simple&#8221; column_border_width=&#8221;none&#8221; column_border_style=&#8221;solid&#8221;][divider line_type=&#8221;No Line&#8221; custom_height=&#8221;225px&#8221; custom_height_phone=&#8221;50px&#8221;][\/vc_column][\/vc_row][vc_row type=&#8221;full_width_background&#8221; full_screen_row_position=&#8221;middle&#8221; column_margin=&#8221;default&#8221; column_direction=&#8221;default&#8221; column_direction_tablet=&#8221;default&#8221; column_direction_phone=&#8221;default&#8221; bg_color=&#8221;#191c22&#8243; bg_image=&#8221;2712&#8243; bg_position=&#8221;center center&#8221; background_image_loading=&#8221;default&#8221; bg_repeat=&#8221;no-repeat&#8221; scene_position=&#8221;center&#8221; top_padding=&#8221;7%&#8221; bottom_padding=&#8221;2%&#8221; top_padding_phone=&#8221;0&#8243; bottom_padding_phone=&#8221;0&#8243; left_padding_phone=&#8221;0&#8243; right_padding_phone=&#8221;0&#8243; text_color=&#8221;light&#8221; text_align=&#8221;left&#8221; row_border_radius=&#8221;none&#8221; row_border_radius_applies=&#8221;bg&#8221; overlay_strength=&#8221;0.3&#8243; gradient_direction=&#8221;left_to_right&#8221; enable_shape_divider=&#8221;true&#8221; shape_divider_color=&#8221;#14171e&#8221; shape_divider_position=&#8221;top&#8221; bg_image_animation=&#8221;none&#8221; shape_type=&#8221;fan&#8221;][vc_column column_padding=&#8221;padding-5-percent&#8221; column_padding_tablet=&#8221;inherit&#8221; column_padding_phone=&#8221;padding-3-percent&#8221; column_padding_position=&#8221;all&#8221; column_element_spacing=&#8221;0px&#8221; background_color_opacity=&#8221;1&#8243; background_hover_color_opacity=&#8221;1&#8243; column_shadow=&#8221;none&#8221; column_border_radius=&#8221;3px&#8221; column_link_target=&#8221;_self&#8221; color_overlay=&#8221;#191c22&#8243; gradient_direction=&#8221;left_to_right&#8221; overlay_strength=&#8221;0.8&#8243; width=&#8221;1\/1&#8243; tablet_width_inherit=&#8221;default&#8221; tablet_text_alignment=&#8221;default&#8221; phone_text_alignment=&#8221;default&#8221; bg_image_animation=&#8221;none&#8221; enable_animation=&#8221;true&#8221; animation=&#8221;fade-in-from-bottom&#8221; border_type=&#8221;simple&#8221; column_border_width=&#8221;none&#8221;][vc_custom_heading text=&#8221;TAGTERRASSEN&#8221; font_container=&#8221;tag:h1|text_align:center&#8221;][vc_row_inner column_margin=&#8221;none&#8221; column_direction=&#8221;default&#8221; column_direction_tablet=&#8221;default&#8221; column_direction_phone=&#8221;default&#8221; text_align=&#8221;left&#8221;][vc_column_inner column_padding=&#8221;padding-3-percent&#8221; column_padding_tablet=&#8221;inherit&#8221; column_padding_phone=&#8221;no-extra-padding&#8221; column_padding_position=&#8221;top-bottom&#8221; column_element_spacing=&#8221;0px&#8221; background_color_opacity=&#8221;1&#8243; background_hover_color_opacity=&#8221;1&#8243; column_shadow=&#8221;none&#8221; column_border_radius=&#8221;none&#8221; column_link_target=&#8221;_self&#8221; gradient_direction=&#8221;left_to_right&#8221; overlay_strength=&#8221;0.3&#8243; width=&#8221;1\/1&#8243; tablet_width_inherit=&#8221;default&#8221; bg_image_animation=&#8221;none&#8221; enable_animation=&#8221;true&#8221; animation=&#8221;fade-in-from-bottom&#8221; border_type=&#8221;simple&#8221; column_border_width=&#8221;none&#8221; column_border_style=&#8221;solid&#8221;][vc_column_text css=&#8221;.vc_custom_1649401716700{margin-top: 3% !important;margin-bottom: 3% !important;padding-right: 10% !important;}&#8221;]Den store tagterrasse vender ud mod g\u00e5rden og er udstyret med b\u00e5de bar og k\u00f8kken. Perfekt sted til at str\u00e6kke benene i l\u00f8bet af lange m\u00f8dedage, men ogs\u00e5 til sommerfester, koncerter og mange andre former for arrangementer.[\/vc_column_text][vc_custom_heading text=&#8221;Har du sp\u00f8rgsm\u00e5l til tagterrassen?&#8221; font_container=&#8221;tag:h4|text_align:left&#8221;][nectar_btn size=&#8221;large&#8221; button_style=&#8221;regular&#8221; button_color_2=&#8221;Extra-Color-2&#8243; solid_text_color_override=&#8221;#000000&#8243; icon_family=&#8221;default_arrow&#8221; text=&#8221;KONTAKT OS&#8221; css_animation=&#8221;none&#8221; url=&#8221;https:\/\/folkmatmoten.se\/boka\/&#8221;][\/vc_column_inner][\/vc_row_inner][\/vc_column][\/vc_row][vc_row type=&#8221;full_width_content&#8221; full_screen_row_position=&#8221;middle&#8221; column_margin=&#8221;default&#8221; column_direction=&#8221;default&#8221; column_direction_tablet=&#8221;default&#8221; column_direction_phone=&#8221;default&#8221; bg_color=&#8221;#191c22&#8243; scene_position=&#8221;center&#8221; top_padding=&#8221;5%&#8221; text_color=&#8221;light&#8221; text_align=&#8221;left&#8221; row_border_radius=&#8221;none&#8221; row_border_radius_applies=&#8221;bg&#8221; overlay_strength=&#8221;0.3&#8243; gradient_direction=&#8221;left_to_right&#8221; shape_divider_position=&#8221;bottom&#8221; bg_image_animation=&#8221;none&#8221; shape_type=&#8221;&#8221;][vc_column column_padding=&#8221;no-extra-padding&#8221; column_padding_tablet=&#8221;inherit&#8221; column_padding_phone=&#8221;inherit&#8221; column_padding_position=&#8221;all&#8221; column_element_spacing=&#8221;50px&#8221; background_color_opacity=&#8221;1&#8243; background_hover_color_opacity=&#8221;1&#8243; column_shadow=&#8221;none&#8221; column_border_radius=&#8221;none&#8221; column_link_target=&#8221;_self&#8221; gradient_direction=&#8221;left_to_right&#8221; overlay_strength=&#8221;0.3&#8243; width=&#8221;1\/1&#8243; tablet_width_inherit=&#8221;default&#8221; tablet_text_alignment=&#8221;default&#8221; phone_text_alignment=&#8221;default&#8221; bg_image_animation=&#8221;none&#8221; border_type=&#8221;simple&#8221; column_border_width=&#8221;none&#8221; column_border_style=&#8221;solid&#8221;][vc_custom_heading text=&#8221;galleri&#8221; font_container=&#8221;tag:h2|text_align:center&#8221; css=&#8221;.vc_custom_1646829862054{margin-bottom: 3% !important;}&#8221;][vc_gallery type=&#8221;image_grid&#8221; images=&#8221;2799,2801,2803,2817,2827,2805,2807,2809,2811,2813,2815,2819,2821,2823,2825,2829,2831,2833&#8243; image_grid_loading=&#8221;default&#8221; layout=&#8221;4&#8243; item_spacing=&#8221;default&#8221; gallery_style=&#8221;7&#8243; load_in_animation=&#8221;none&#8221;][\/vc_column][\/vc_row][vc_row type=&#8221;full_width_background&#8221; full_screen_row_position=&#8221;middle&#8221; column_margin=&#8221;90px&#8221; equal_height=&#8221;yes&#8221; column_direction=&#8221;default&#8221; column_direction_tablet=&#8221;default&#8221; column_direction_phone=&#8221;default&#8221; bg_color=&#8221;#14171e&#8221; scene_position=&#8221;center&#8221; top_padding=&#8221;2%&#8221; bottom_padding=&#8221;8%&#8221; top_padding_phone=&#8221;0%&#8221; text_color=&#8221;light&#8221; text_align=&#8221;left&#8221; row_border_radius=&#8221;none&#8221; row_border_radius_applies=&#8221;bg&#8221; overlay_strength=&#8221;0.3&#8243; gradient_direction=&#8221;left_to_right&#8221; enable_shape_divider=&#8221;true&#8221; shape_divider_color=&#8221;#191c22&#8243; shape_divider_position=&#8221;top&#8221; bg_image_animation=&#8221;none&#8221; shape_type=&#8221;tilt&#8221;][vc_column column_padding=&#8221;padding-3-percent&#8221; column_padding_tablet=&#8221;inherit&#8221; column_padding_phone=&#8221;no-extra-padding&#8221; column_padding_position=&#8221;top&#8221; column_element_spacing=&#8221;default&#8221; background_color_opacity=&#8221;1&#8243; background_hover_color_opacity=&#8221;1&#8243; column_shadow=&#8221;none&#8221; column_border_radius=&#8221;none&#8221; column_link_target=&#8221;_self&#8221; gradient_direction=&#8221;left_to_right&#8221; overlay_strength=&#8221;0.3&#8243; width=&#8221;2\/3&#8243; tablet_width_inherit=&#8221;small_desktop&#8221; tablet_text_alignment=&#8221;default&#8221; phone_text_alignment=&#8221;default&#8221; bg_image_animation=&#8221;none&#8221; enable_animation=&#8221;true&#8221; animation=&#8221;fade-in-from-bottom&#8221; border_type=&#8221;simple&#8221; column_border_width=&#8221;none&#8221; column_border_style=&#8221;solid&#8221;][vc_row_inner column_margin=&#8221;default&#8221; column_direction=&#8221;default&#8221; column_direction_tablet=&#8221;default&#8221; column_direction_phone=&#8221;default&#8221; text_align=&#8221;left&#8221;][vc_column_inner column_padding=&#8221;no-extra-padding&#8221; column_padding_tablet=&#8221;inherit&#8221; column_padding_phone=&#8221;no-extra-padding&#8221; column_padding_position=&#8221;all&#8221; column_element_spacing=&#8221;default&#8221; background_color_opacity=&#8221;1&#8243; background_hover_color_opacity=&#8221;1&#8243; column_shadow=&#8221;none&#8221; column_border_radius=&#8221;none&#8221; column_link_target=&#8221;_self&#8221; gradient_direction=&#8221;left_to_right&#8221; overlay_strength=&#8221;0.3&#8243; width=&#8221;1\/1&#8243; tablet_width_inherit=&#8221;default&#8221; bg_image_animation=&#8221;none&#8221; border_type=&#8221;simple&#8221; column_border_width=&#8221;none&#8221; column_border_style=&#8221;solid&#8221; offset=&#8221;vc_hidden-lg vc_hidden-md vc_hidden-sm&#8221;][split_line_heading animation_type=&#8221;default&#8221;]\n<h2><span style=\"font-size: 18pt;\">KONFERENSANL\u00c4GGNING<\/span><\/h2>\n<h2><span style=\"font-size: 18pt;\">MED STORA M\u00d6JLIGHETER<\/span><\/h2>\n[\/split_line_heading][\/vc_column_inner][\/vc_row_inner][vc_row_inner column_margin=&#8221;default&#8221; column_direction=&#8221;default&#8221; column_direction_tablet=&#8221;default&#8221; column_direction_phone=&#8221;default&#8221; text_align=&#8221;left&#8221;][vc_column_inner column_padding=&#8221;no-extra-padding&#8221; column_padding_tablet=&#8221;inherit&#8221; column_padding_phone=&#8221;inherit&#8221; column_padding_position=&#8221;all&#8221; column_element_spacing=&#8221;default&#8221; background_color_opacity=&#8221;1&#8243; background_hover_color_opacity=&#8221;1&#8243; column_shadow=&#8221;none&#8221; column_border_radius=&#8221;none&#8221; column_link_target=&#8221;_self&#8221; gradient_direction=&#8221;left_to_right&#8221; overlay_strength=&#8221;0.3&#8243; width=&#8221;1\/1&#8243; tablet_width_inherit=&#8221;default&#8221; bg_image_animation=&#8221;none&#8221; border_type=&#8221;simple&#8221; column_border_width=&#8221;none&#8221; column_border_style=&#8221;solid&#8221; offset=&#8221;vc_hidden-xs&#8221;][vc_custom_heading text=&#8221;KONFERENSANL\u00c4GGNING MED STORA M\u00d6JLIGHETER&#8221;][\/vc_column_inner][\/vc_row_inner][vc_row_inner column_margin=&#8221;60px&#8221; column_direction=&#8221;default&#8221; column_direction_tablet=&#8221;default&#8221; column_direction_phone=&#8221;default&#8221; top_padding=&#8221;15&#8243; top_padding_phone=&#8221;0&#8243; bottom_padding_phone=&#8221;0&#8243; left_padding_phone=&#8221;0&#8243; right_padding_phone=&#8221;0&#8243; text_align=&#8221;left&#8221;][vc_column_inner column_padding=&#8221;no-extra-padding&#8221; column_padding_tablet=&#8221;inherit&#8221; column_padding_phone=&#8221;no-extra-padding&#8221; column_padding_position=&#8221;all&#8221; top_margin_phone=&#8221;0&#8243; bottom_margin_phone=&#8221;0&#8243; left_margin_phone=&#8221;0&#8243; right_margin_phone=&#8221;0&#8243; column_element_spacing=&#8221;default&#8221; background_color_opacity=&#8221;1&#8243; background_hover_color_opacity=&#8221;1&#8243; column_shadow=&#8221;none&#8221; column_border_radius=&#8221;none&#8221; column_link_target=&#8221;_self&#8221; gradient_direction=&#8221;left_to_right&#8221; overlay_strength=&#8221;0.3&#8243; width=&#8221;1\/2&#8243; tablet_width_inherit=&#8221;default&#8221; bg_image_animation=&#8221;none&#8221; border_type=&#8221;simple&#8221; column_border_width=&#8221;none&#8221; column_border_style=&#8221;solid&#8221;][vc_column_text]\n<p class=\"bodytext\">Folk Mat &amp; M\u00f6ten \u00e4r en m\u00e5ngsidig konferensanl\u00e4ggning i centrala Malm\u00f6. Nyrenoverat med smakfullt inredda lokaler. Utm\u00e4rkt \u00e4ven f\u00f6r utst\u00e4llningar, f\u00f6rel\u00e4sningar eller andra kreativa evenemang.<\/p>\n<p class=\"bodytext\">V\u00e5r restaurang Mat f\u00f6rnyar st\u00e4ndigt sitt utbud och sina menyer utifr\u00e5n s\u00e4song och med stort fokus p\u00e5 ekologiskt samt n\u00e4rodlat.<\/p>\n[\/vc_column_text][\/vc_column_inner][vc_column_inner column_padding=&#8221;no-extra-padding&#8221; column_padding_tablet=&#8221;inherit&#8221; column_padding_phone=&#8221;inherit&#8221; column_padding_position=&#8221;all&#8221; column_element_spacing=&#8221;default&#8221; background_color_opacity=&#8221;1&#8243; background_hover_color_opacity=&#8221;1&#8243; column_shadow=&#8221;none&#8221; column_border_radius=&#8221;none&#8221; column_link_target=&#8221;_self&#8221; gradient_direction=&#8221;left_to_right&#8221; overlay_strength=&#8221;0.3&#8243; width=&#8221;1\/2&#8243; tablet_width_inherit=&#8221;default&#8221; bg_image_animation=&#8221;none&#8221; border_type=&#8221;simple&#8221; column_border_width=&#8221;none&#8221; column_border_style=&#8221;solid&#8221;][vc_column_text]V\u00e5ra konferenslokaler varierar i storlek, fr\u00e5n den minsta f\u00f6r 6 personer till den st\u00f6rsta som tar 200 personer. Oavsett hur stor konferens du t\u00e4nkt planera eller arrangera i Malm\u00f6 s\u00e5 \u00e4r Folk Mat &amp; M\u00f6ten ett perfekt val.<\/p>\n<p>Boka din konferens redan idag, vi ser fram emot att f\u00e5 ha er h\u00e4r.<\/p>\n<p><strong>Varmt v\u00e4lkomna till Folk Mat &amp; M\u00f6ten!<\/strong>[\/vc_column_text][\/vc_column_inner][\/vc_row_inner][nectar_btn size=&#8221;large&#8221; button_style=&#8221;regular&#8221; button_color_2=&#8221;Extra-Color-2&#8243; solid_text_color_override=&#8221;#000000&#8243; icon_family=&#8221;default_arrow&#8221; text=&#8221;KONTAKTA OSS&#8221; css_animation=&#8221;none&#8221; url=&#8221;https:\/\/folkmatmoten.se\/kontakt\/&#8221;][\/vc_column][vc_column column_padding=&#8221;padding-3-percent&#8221; column_padding_tablet=&#8221;inherit&#8221; column_padding_phone=&#8221;inherit&#8221; column_padding_position=&#8221;top&#8221; column_element_spacing=&#8221;10px&#8221; background_color_opacity=&#8221;1&#8243; background_hover_color_opacity=&#8221;1&#8243; column_shadow=&#8221;none&#8221; column_border_radius=&#8221;none&#8221; column_link_target=&#8221;_self&#8221; gradient_direction=&#8221;left_to_right&#8221; overlay_strength=&#8221;0.95&#8243; width=&#8221;1\/3&#8243; tablet_width_inherit=&#8221;small_desktop&#8221; tablet_text_alignment=&#8221;default&#8221; phone_text_alignment=&#8221;default&#8221; bg_image_animation=&#8221;none&#8221; enable_animation=&#8221;true&#8221; animation=&#8221;fade-in-from-bottom&#8221; border_type=&#8221;simple&#8221; column_border_width=&#8221;none&#8221; column_border_style=&#8221;solid&#8221; delay=&#8221;100&#8243;][vc_row_inner column_margin=&#8221;none&#8221; column_direction=&#8221;default&#8221; column_direction_tablet=&#8221;default&#8221; column_direction_phone=&#8221;default&#8221; bottom_padding=&#8221;20&#8243; text_align=&#8221;left&#8221;][vc_column_inner column_padding=&#8221;no-extra-padding&#8221; column_padding_tablet=&#8221;inherit&#8221; column_padding_phone=&#8221;inherit&#8221; column_padding_position=&#8221;all&#8221; column_element_spacing=&#8221;default&#8221; background_color_opacity=&#8221;1&#8243; background_hover_color_opacity=&#8221;1&#8243; column_shadow=&#8221;none&#8221; column_border_radius=&#8221;none&#8221; column_link_target=&#8221;_self&#8221; gradient_direction=&#8221;left_to_right&#8221; overlay_strength=&#8221;0.3&#8243; width=&#8221;1\/1&#8243; tablet_width_inherit=&#8221;default&#8221; bg_image_animation=&#8221;none&#8221; border_type=&#8221;simple&#8221; column_border_width=&#8221;none&#8221; column_border_style=&#8221;solid&#8221;][vc_custom_heading text=&#8221;Fler salar&#8221; font_container=&#8221;tag:h3|text_align:left&#8221;]<div class=\"nectar-fancy-ul\" data-list-icon=\"dot\" data-animation=\"false\" data-animation-delay=\"0\" data-spacing=\"default\" data-alignment=\"left\"> \n<ul>\n<li><span style=\"color: #ffffff;\"><a style=\"color: #ffffff;\" href=\"https:\/\/folkmatmoten.se\/da\/konferens-malmo\/biblioteket\/\">Biblioteket<\/a><\/span><\/li>\n<li><span style=\"color: #ffffff;\"><a style=\"color: #ffffff;\" href=\"https:\/\/folkmatmoten.se\/da\/konferens-malmo\/sal-1\/\">Sal 1<\/a><\/span><\/li>\n<li><span style=\"color: #ffffff;\"><a style=\"color: #ffffff;\" href=\"https:\/\/folkmatmoten.se\/da\/konferens-malmo\/sal-3\/\">Sal 3<\/a><\/span><\/li>\n<li><span style=\"color: #ffffff;\"><a style=\"color: #ffffff;\" href=\"https:\/\/folkmatmoten.se\/da\/konferens-malmo\/sal-4\/\">Sal 4<\/a><\/span><\/li>\n<li><span style=\"color: #ffffff;\"><a style=\"color: #ffffff;\" href=\"https:\/\/folkmatmoten.se\/da\/konferens-malmo\/sal-5\/\">Sal 5<\/a><\/span><\/li>\n<li><span style=\"color: #ffffff;\"><a style=\"color: #ffffff;\" href=\"https:\/\/folkmatmoten.se\/da\/konferens-malmo\/sal-6\/\">Sal 6<\/a><\/span><\/li>\n<li><span style=\"color: #ffffff;\"><a style=\"color: #ffffff;\" href=\"https:\/\/folkmatmoten.se\/da\/konferens-malmo\/sal-7\/\">Sal 7<\/a><\/span><\/li>\n<\/ul>\n <\/div>[\/vc_column_inner][\/vc_row_inner][nectar_cta btn_style=&#8221;see-through&#8221; heading_tag=&#8221;p&#8221; button_color=&#8221;default&#8221; link_type=&#8221;regular&#8221; alignment=&#8221;left&#8221; alignment_tablet=&#8221;default&#8221; alignment_phone=&#8221;default&#8221; display=&#8221;block&#8221; link_text=&#8221;Inspererande mat till konferensen&#8221; url=&#8221;https:\/\/folkmatmoten.se\/restaurang\/&#8221;][\/vc_column][\/vc_row]\n","protected":false},"excerpt":{"rendered":"<p>[vc_row type=&#8221;full_width_background&#8221; full_screen_row_position=&#8221;middle&#8221; column_margin=&#8221;default&#8221; column_direction=&#8221;default&#8221; column_direction_tablet=&#8221;default&#8221; column_direction_phone=&#8221;default&#8221; bg_color=&#8221;#191c22&#8243; scene_position=&#8221;center&#8221; text_color=&#8221;dark&#8221; text_align=&#8221;left&#8221; row_border_radius=&#8221;none&#8221; row_border_radius_applies=&#8221;bg&#8221; overlay_strength=&#8221;0.3&#8243; gradient_direction=&#8221;left_to_right&#8221; shape_divider_position=&#8221;bottom&#8221; bg_image_animation=&#8221;none&#8221; shape_type=&#8221;tilt&#8221;][vc_column column_padding=&#8221;no-extra-padding&#8221; column_padding_tablet=&#8221;inherit&#8221; column_padding_phone=&#8221;inherit&#8221; column_padding_position=&#8221;all&#8221; column_element_spacing=&#8221;default&#8221; background_color_opacity=&#8221;1&#8243; background_hover_color_opacity=&#8221;1&#8243; column_shadow=&#8221;none&#8221; column_border_radius=&#8221;none&#8221; column_link_target=&#8221;_self&#8221; gradient_direction=&#8221;left_to_right&#8221; overlay_strength=&#8221;0.3&#8243;&#8230;<\/p>\n","protected":false},"author":3,"featured_media":3339,"parent":3513,"menu_order":0,"comment_status":"closed","ping_status":"closed","template":"","meta":{"footnotes":""},"class_list":["post-3718","page","type-page","status-publish","has-post-thumbnail"],"yoast_head":"<!-- This site is optimized with the Yoast SEO plugin v20.7 - https:\/\/yoast.com\/wordpress\/plugins\/seo\/ -->\n<title>Tagterrassen | Sal til konferencer &amp; events | Folk Mat &amp; M\u00f6ten<\/title>\n<meta name=\"description\" content=\"Hold dit event eller arrangement p\u00e5 den store tagterrasse ud mod g\u00e5rden! Der er b\u00e5de bar og k\u00f8kken \u2013 hvilket passer perfekt til sommerfester og koncerter.\" \/>\n<meta name=\"robots\" content=\"index, follow, max-snippet:-1, max-image-preview:large, max-video-preview:-1\" \/>\n<link rel=\"canonical\" href=\"https:\/\/folkmatmoten.se\/da\/konferens-malmo\/takterrassen\/\" \/>\n<meta property=\"og:locale\" content=\"da_DK\" \/>\n<meta property=\"og:type\" content=\"article\" \/>\n<meta property=\"og:title\" content=\"Tagterrassen | Sal til konferencer &amp; events | Folk Mat &amp; M\u00f6ten\" \/>\n<meta property=\"og:description\" content=\"Hold dit event eller arrangement p\u00e5 den store tagterrasse ud mod g\u00e5rden! Der er b\u00e5de bar og k\u00f8kken \u2013 hvilket passer perfekt til sommerfester og koncerter.\" \/>\n<meta property=\"og:url\" content=\"https:\/\/folkmatmoten.se\/da\/konferens-malmo\/takterrassen\/\" \/>\n<meta property=\"og:site_name\" content=\"Folk Mat &amp; M\u00f6ten\" \/>\n<meta property=\"article:publisher\" content=\"https:\/\/www.facebook.com\/folkmatmoten\/\" \/>\n<meta property=\"article:modified_time\" content=\"2022-04-08T07:10:22+00:00\" \/>\n<meta property=\"og:image\" content=\"https:\/\/folkmatmoten.se\/wp-content\/uploads\/2022\/03\/Sal7_1.jpg\" \/>\n\t<meta property=\"og:image:width\" content=\"1000\" \/>\n\t<meta property=\"og:image:height\" content=\"667\" \/>\n\t<meta property=\"og:image:type\" content=\"image\/jpeg\" \/>\n<meta name=\"twitter:card\" content=\"summary_large_image\" \/>\n<meta name=\"twitter:label1\" content=\"Estimeret l\u00e6setid\" \/>\n\t<meta name=\"twitter:data1\" content=\"9 minutter\" \/>\n<script type=\"application\/ld+json\" class=\"yoast-schema-graph\">{\"@context\":\"https:\/\/schema.org\",\"@graph\":[{\"@type\":\"WebPage\",\"@id\":\"https:\/\/folkmatmoten.se\/da\/konferens-malmo\/takterrassen\/\",\"url\":\"https:\/\/folkmatmoten.se\/da\/konferens-malmo\/takterrassen\/\",\"name\":\"Tagterrassen | Sal til konferencer & events | Folk Mat & M\u00f6ten\",\"isPartOf\":{\"@id\":\"https:\/\/folkmatmoten.se\/da\/#website\"},\"datePublished\":\"2022-03-15T07:57:04+00:00\",\"dateModified\":\"2022-04-08T07:10:22+00:00\",\"description\":\"Hold dit event eller arrangement p\u00e5 den store tagterrasse ud mod g\u00e5rden! Der er b\u00e5de bar og k\u00f8kken \u2013 hvilket passer perfekt til sommerfester og koncerter.\",\"breadcrumb\":{\"@id\":\"https:\/\/folkmatmoten.se\/da\/konferens-malmo\/takterrassen\/#breadcrumb\"},\"inLanguage\":\"da-DK\",\"potentialAction\":[{\"@type\":\"ReadAction\",\"target\":[\"https:\/\/folkmatmoten.se\/da\/konferens-malmo\/takterrassen\/\"]}]},{\"@type\":\"BreadcrumbList\",\"@id\":\"https:\/\/folkmatmoten.se\/da\/konferens-malmo\/takterrassen\/#breadcrumb\",\"itemListElement\":[{\"@type\":\"ListItem\",\"position\":1,\"name\":\"Home\",\"item\":\"https:\/\/folkmatmoten.se\/da\/\"},{\"@type\":\"ListItem\",\"position\":2,\"name\":\"Konferencer\",\"item\":\"https:\/\/folkmatmoten.se\/da\/konferens-malmo\/\"},{\"@type\":\"ListItem\",\"position\":3,\"name\":\"Tagterrassen\"}]},{\"@type\":\"WebSite\",\"@id\":\"https:\/\/folkmatmoten.se\/da\/#website\",\"url\":\"https:\/\/folkmatmoten.se\/da\/\",\"name\":\"Folk Mat &amp; M\u00f6ten\",\"description\":\"\",\"publisher\":{\"@id\":\"https:\/\/folkmatmoten.se\/da\/#organization\"},\"potentialAction\":[{\"@type\":\"SearchAction\",\"target\":{\"@type\":\"EntryPoint\",\"urlTemplate\":\"https:\/\/folkmatmoten.se\/da\/?s={search_term_string}\"},\"query-input\":\"required name=search_term_string\"}],\"inLanguage\":\"da-DK\"},{\"@type\":\"Organization\",\"@id\":\"https:\/\/folkmatmoten.se\/da\/#organization\",\"name\":\"Folk Mat och M\u00f6ten\",\"url\":\"https:\/\/folkmatmoten.se\/da\/\",\"logo\":{\"@type\":\"ImageObject\",\"inLanguage\":\"da-DK\",\"@id\":\"https:\/\/folkmatmoten.se\/da\/#\/schema\/logo\/image\/\",\"url\":\"https:\/\/folkmatmoten.se\/wp-content\/uploads\/2021\/10\/folk-mat-och-moten-logo.png\",\"contentUrl\":\"https:\/\/folkmatmoten.se\/wp-content\/uploads\/2021\/10\/folk-mat-och-moten-logo.png\",\"width\":400,\"height\":400,\"caption\":\"Folk Mat och M\u00f6ten\"},\"image\":{\"@id\":\"https:\/\/folkmatmoten.se\/da\/#\/schema\/logo\/image\/\"},\"sameAs\":[\"https:\/\/www.facebook.com\/folkmatmoten\/\",\"https:\/\/www.instagram.com\/folkmatmoten\/\",\"https:\/\/www.linkedin.com\/company\/11457778\/\"]}]}<\/script>\n<!-- \/ Yoast SEO plugin. -->","yoast_head_json":{"title":"Tagterrassen | Sal til konferencer & events | Folk Mat & M\u00f6ten","description":"Hold dit event eller arrangement p\u00e5 den store tagterrasse ud mod g\u00e5rden! Der er b\u00e5de bar og k\u00f8kken \u2013 hvilket passer perfekt til sommerfester og koncerter.","robots":{"index":"index","follow":"follow","max-snippet":"max-snippet:-1","max-image-preview":"max-image-preview:large","max-video-preview":"max-video-preview:-1"},"canonical":"https:\/\/folkmatmoten.se\/da\/konferens-malmo\/takterrassen\/","og_locale":"da_DK","og_type":"article","og_title":"Tagterrassen | Sal til konferencer & events | Folk Mat & M\u00f6ten","og_description":"Hold dit event eller arrangement p\u00e5 den store tagterrasse ud mod g\u00e5rden! Der er b\u00e5de bar og k\u00f8kken \u2013 hvilket passer perfekt til sommerfester og koncerter.","og_url":"https:\/\/folkmatmoten.se\/da\/konferens-malmo\/takterrassen\/","og_site_name":"Folk Mat &amp; M\u00f6ten","article_publisher":"https:\/\/www.facebook.com\/folkmatmoten\/","article_modified_time":"2022-04-08T07:10:22+00:00","og_image":[{"width":1000,"height":667,"url":"https:\/\/folkmatmoten.se\/wp-content\/uploads\/2022\/03\/Sal7_1.jpg","type":"image\/jpeg"}],"twitter_card":"summary_large_image","twitter_misc":{"Estimeret l\u00e6setid":"9 minutter"},"schema":{"@context":"https:\/\/schema.org","@graph":[{"@type":"WebPage","@id":"https:\/\/folkmatmoten.se\/da\/konferens-malmo\/takterrassen\/","url":"https:\/\/folkmatmoten.se\/da\/konferens-malmo\/takterrassen\/","name":"Tagterrassen | Sal til konferencer & events | Folk Mat & M\u00f6ten","isPartOf":{"@id":"https:\/\/folkmatmoten.se\/da\/#website"},"datePublished":"2022-03-15T07:57:04+00:00","dateModified":"2022-04-08T07:10:22+00:00","description":"Hold dit event eller arrangement p\u00e5 den store tagterrasse ud mod g\u00e5rden! Der er b\u00e5de bar og k\u00f8kken \u2013 hvilket passer perfekt til sommerfester og koncerter.","breadcrumb":{"@id":"https:\/\/folkmatmoten.se\/da\/konferens-malmo\/takterrassen\/#breadcrumb"},"inLanguage":"da-DK","potentialAction":[{"@type":"ReadAction","target":["https:\/\/folkmatmoten.se\/da\/konferens-malmo\/takterrassen\/"]}]},{"@type":"BreadcrumbList","@id":"https:\/\/folkmatmoten.se\/da\/konferens-malmo\/takterrassen\/#breadcrumb","itemListElement":[{"@type":"ListItem","position":1,"name":"Home","item":"https:\/\/folkmatmoten.se\/da\/"},{"@type":"ListItem","position":2,"name":"Konferencer","item":"https:\/\/folkmatmoten.se\/da\/konferens-malmo\/"},{"@type":"ListItem","position":3,"name":"Tagterrassen"}]},{"@type":"WebSite","@id":"https:\/\/folkmatmoten.se\/da\/#website","url":"https:\/\/folkmatmoten.se\/da\/","name":"Folk Mat &amp; M\u00f6ten","description":"","publisher":{"@id":"https:\/\/folkmatmoten.se\/da\/#organization"},"potentialAction":[{"@type":"SearchAction","target":{"@type":"EntryPoint","urlTemplate":"https:\/\/folkmatmoten.se\/da\/?s={search_term_string}"},"query-input":"required name=search_term_string"}],"inLanguage":"da-DK"},{"@type":"Organization","@id":"https:\/\/folkmatmoten.se\/da\/#organization","name":"Folk Mat och M\u00f6ten","url":"https:\/\/folkmatmoten.se\/da\/","logo":{"@type":"ImageObject","inLanguage":"da-DK","@id":"https:\/\/folkmatmoten.se\/da\/#\/schema\/logo\/image\/","url":"https:\/\/folkmatmoten.se\/wp-content\/uploads\/2021\/10\/folk-mat-och-moten-logo.png","contentUrl":"https:\/\/folkmatmoten.se\/wp-content\/uploads\/2021\/10\/folk-mat-och-moten-logo.png","width":400,"height":400,"caption":"Folk Mat och M\u00f6ten"},"image":{"@id":"https:\/\/folkmatmoten.se\/da\/#\/schema\/logo\/image\/"},"sameAs":["https:\/\/www.facebook.com\/folkmatmoten\/","https:\/\/www.instagram.com\/folkmatmoten\/","https:\/\/www.linkedin.com\/company\/11457778\/"]}]}},"_links":{"self":[{"href":"https:\/\/folkmatmoten.se\/da\/wp-json\/wp\/v2\/pages\/3718","targetHints":{"allow":["GET"]}}],"collection":[{"href":"https:\/\/folkmatmoten.se\/da\/wp-json\/wp\/v2\/pages"}],"about":[{"href":"https:\/\/folkmatmoten.se\/da\/wp-json\/wp\/v2\/types\/page"}],"author":[{"embeddable":true,"href":"https:\/\/folkmatmoten.se\/da\/wp-json\/wp\/v2\/users\/3"}],"replies":[{"embeddable":true,"href":"https:\/\/folkmatmoten.se\/da\/wp-json\/wp\/v2\/comments?post=3718"}],"version-history":[{"count":0,"href":"https:\/\/folkmatmoten.se\/da\/wp-json\/wp\/v2\/pages\/3718\/revisions"}],"up":[{"embeddable":true,"href":"https:\/\/folkmatmoten.se\/da\/wp-json\/wp\/v2\/pages\/3513"}],"wp:featuredmedia":[{"embeddable":true,"href":"https:\/\/folkmatmoten.se\/da\/wp-json\/wp\/v2\/media\/3339"}],"wp:attachment":[{"href":"https:\/\/folkmatmoten.se\/da\/wp-json\/wp\/v2\/media?parent=3718"}],"curies":[{"name":"wp","href":"https:\/\/api.w.org\/{rel}","templated":true}]}}